{"version":"1.0","provider_name":"Park Pali\u0107","provider_url":"https:\/\/park-palic.rs\/hu\/","author_name":"master","author_url":"https:\/\/park-palic.rs\/hu\/author\/master\/","title":"Kongresszusi turizmus - Park Pali\u0107","type":"rich","width":600,"height":338,"html":"<blockquote class=\"wp-embedded-content\" data-secret=\"SpynYUonmZ\"><a href=\"https:\/\/park-palic.rs\/hu\/kongresszusi-turizmus\/\">Kongresszusi turizmus<\/a><\/blockquote><iframe sandbox=\"allow-scripts\" security=\"restricted\" src=\"https:\/\/park-palic.rs\/hu\/kongresszusi-turizmus\/embed\/#?secret=SpynYUonmZ\" width=\"600\" height=\"338\" title=\"&#8220;Kongresszusi turizmus&#8221; &#8212; Park Pali\u0107\" data-secret=\"SpynYUonmZ\" frameborder=\"0\" marginwidth=\"0\" marginheight=\"0\" scrolling=\"no\" class=\"wp-embedded-content\"><\/iframe><script>\n\/*! This file is auto-generated *\/\n!function(d,l){\"use strict\";l.querySelector&&d.addEventListener&&\"undefined\"!=typeof URL&&(d.wp=d.wp||{},d.wp.receiveEmbedMessage||(d.wp.receiveEmbedMessage=function(e){var t=e.data;if((t||t.secret||t.message||t.value)&&!\/[^a-zA-Z0-9]\/.test(t.secret)){for(var s,r,n,a=l.querySelectorAll('iframe[data-secret=\"'+t.secret+'\"]'),o=l.querySelectorAll('blockquote[data-secret=\"'+t.secret+'\"]'),c=new RegExp(\"^https?:$\",\"i\"),i=0;i<o.length;i++)o[i].style.display=\"none\";for(i=0;i<a.length;i++)s=a[i],e.source===s.contentWindow&&(s.removeAttribute(\"style\"),\"height\"===t.message?(1e3<(r=parseInt(t.value,10))?r=1e3:~~r<200&&(r=200),s.height=r):\"link\"===t.message&&(r=new URL(s.getAttribute(\"src\")),n=new URL(t.value),c.test(n.protocol))&&n.host===r.host&&l.activeElement===s&&(d.top.location.href=t.value))}},d.addEventListener(\"message\",d.wp.receiveEmbedMessage,!1),l.addEventListener(\"DOMContentLoaded\",function(){for(var e,t,s=l.querySelectorAll(\"iframe.wp-embedded-content\"),r=0;r<s.length;r++)(t=(e=s[r]).getAttribute(\"data-secret\"))||(t=Math.random().toString(36).substring(2,12),e.src+=\"#?secret=\"+t,e.setAttribute(\"data-secret\",t)),e.contentWindow.postMessage({message:\"ready\",secret:t},\"*\")},!1)))}(window,document);\n\/\/# sourceURL=https:\/\/park-palic.rs\/wp-includes\/js\/wp-embed.min.js\n<\/script>\n","thumbnail_url":"https:\/\/park-palic.rs\/wp-content\/uploads\/2025\/08\/Kongresni-turizam.jpg","thumbnail_width":2560,"thumbnail_height":787,"description":"A kongresszusi- \u00e9s konferenciaturizmus a turizmus egyik v\u00e1lfaja, amelyben a f\u0151 hangs\u00faly nem a pihen\u00e9sen van, hanem a szakmai \u00f6sszej\u00f6veteleken, szimp\u00f3ziumokon vagy m\u00e1s, szervezett \u00fczleti tal\u00e1lkoz\u00f3kon. A palicsi Vigad\u00f3 rendezv\u00e9nyk\u00f6zpont helysz\u00ednt biztos\u00edt k\u00fcl\u00f6nf\u00e9le \u00fczleti \u00e9s egy\u00e9b rendezv\u00e9nyek lebonyol\u00edt\u00e1s\u00e1ra az \u00fcgyfelek ig\u00e9nyei szerint. A Kongresszusi k\u00f6zpont keret\u00e9n bel\u00fcl h\u00e1rom \u00e9p\u00fclet tal\u00e1lhat\u00f3: a Vigad\u00f3, az \u00d6kok\u00f6zpont \u00e9s [&hellip;]"}